{"id":161,"date":"2018-06-13T12:03:52","date_gmt":"2018-06-13T12:03:52","guid":{"rendered":"http:\/\/teskesyem.org.tr\/?page_id=161"},"modified":"2020-06-05T12:33:27","modified_gmt":"2020-06-05T12:33:27","slug":"belgelendirme-sureci","status":"publish","type":"page","link":"http:\/\/teskesyem.org.tr\/?page_id=161","title":{"rendered":"Belgelendirme S\u00fcreci"},"content":{"rendered":"\n<blockquote class=\"wp-block-quote\"><p>Adaylar\u0131n talep ettikleri ulusal yeterlilik kapsam\u0131nda belgenin verilebilmesi i\u00e7in;<\/p><\/blockquote>\n\n\n\n<h4 class=\"wp-block-heading\"><\/h4>\n\n\n\n<ol><li>Ba\u015fvurunun al\u0131nmas\u0131 ve de\u011ferlendirilmesi prosed\u00fcr\u00fcndeki \u015fartlar\u0131<\/li><li>Ba\u015fvurduklar\u0131 alan ile ilgili yeterliliklere ait s\u0131nav \u015fartnamelerindeki \u015fartlar\u0131<\/li><li>Prosed\u00fcrdeki ilave \u015fartlar\u0131 sa\u011flam\u0131\u015f olmas\u0131 gerekmektedir.<\/li><\/ol>\n\n\n\n<h4 class=\"wp-block-heading\"><\/h4>\n\n\n\n<p><strong>Belgelendirme S\u00fcreci Nas\u0131l \u0130\u015fler?\u00a0<\/strong><\/p>\n\n\n\n<h3 class=\"wp-block-heading\"><\/h3>\n\n\n\n<h4 class=\"wp-block-heading\"><\/h4>\n\n\n\n<p><strong>Adaylar\u0131n mesleki yeterlilik belgesi alabilmesi i\u00e7in zorunlu olan yeterlilik birimlerinin teorik, performans ve\/veya m\u00fclakat s\u0131navlar\u0131n\u0131n tamam\u0131ndan ba\u015far\u0131l\u0131 olmas\u0131 gerekmektedir.<br> Ba\u015far\u0131l\u0131 olma ko\u015fullar\u0131 ilgili ulusal yeterliliklerde yer almaktad\u0131r. (Bak\u0131n\u0131z: Ulusal Yeterlilikler)<br> Teorik s\u0131navlar test yoluyla, uygulamal\u0131 s\u0131navlar at\u00f6lye\/laboratuvar\/ger\u00e7ek ortamda yap\u0131lmaktad\u0131r. Baz\u0131 s\u0131navlarda m\u00fclakat da yap\u0131labilmektedir.<br> S\u0131navlar de\u011ferlendirildikten sonra:<br> Sonu\u00e7lar e-posta veya yaz\u0131l\u0131 olarak adaylara duyurulur.<br> Belge almaya hak kazanan adaylar\u0131n belgeleri, MYK Y\u00f6netim Kurulu Karar\u0131\u2019na istinaden bas\u0131ld\u0131ktan sonra, ESYEM Y\u00f6netim Kurulu Ba\u015fkan\u0131 taraf\u0131ndan imzalanarak adaylara kargo, posta veya elden iletilir.<br> Belge Tesliminde <\/strong><a rel=\"noopener\" href=\"http:\/\/teskesyem.org.tr\/wp-content\/uploads\/2018\/07\/FR-02-Belge-Kullan\u0131m-S\u00f6zle\u015fmesi-Formu.pdf\" target=\"_blank\"><strong>FR-02- Belge Kullan\u0131m S\u00f6zle\u015fmesi Fo<\/strong><\/a><strong><a rel=\"noopener\" href=\"http:\/\/teskesyem.org.tr\/wp-content\/uploads\/2018\/07\/FR-02-Belge-Kullan\u0131m-S\u00f6zle\u015fmesi-Formu.pdf\" target=\"_blank\">rm<\/a><\/strong><a rel=\"noopener\" href=\"http:\/\/teskesyem.org.tr\/wp-content\/uploads\/2018\/07\/FR-02-Belge-Kullan\u0131m-S\u00f6zle\u015fmesi-Formu.pdf\" target=\"_blank\"><strong>u<\/strong><\/a><strong> imzalan\u0131r.<\/strong><\/p>\n\n\n\n<h4 class=\"wp-block-heading\"><\/h4>\n\n\n\n<p><strong>NOT:\u00a0<\/strong>Teorik veya performans s\u0131navlar\u0131nda herhangi bir yeterlilik biriminden ba\u015far\u0131s\u0131z olunmas\u0131 durumunda aday, mesleki yeterlilik belgesi almaya hak kazanamayacakt\u0131r.<br> Aday\u0131n talebi halinde, ba\u015far\u0131l\u0131 olunan her bir yeterlilik birimi i\u00e7in ba\u015far\u0131 durumunu g\u00f6steren \u201cBirim Ba\u015far\u0131 Belgesi\u201d d\u00fczenlenecektir.<\/p>\n\n\n\n<p><strong>YETERL\u0130L\u0130K B\u0130R\u0130MLER\u0130N\u0130N B\u0130RLE\u015eT\u0130R\u0130LMES\u0130:<\/strong><\/p>\n\n\n\n<p>Bireylerin sahip oldu\u011fu &#8220;Birim Ba\u015far\u0131 Belgeleri&#8221;nin bir ulusal yeterlili\u011fi olu\u015fturmas\u0131 halinde, bireylerin talebi ile birim ba\u015far\u0131 belgeleri birle\u015ftirilir.<br>\nEn son s\u0131nava girilen Yetkilendirilmi\u015f Kurulu\u015f taraf\u0131ndan &#8220;Mesleki Yeterlilik Belgesi&#8221; d\u00fczenlenir.<\/p>\n\n\n\n<p><strong>MESLEK\u0130 YETERL\u0130L\u0130K BELGELER\u0130 KA\u00c7 YIL S\u00dcRE \u0130LE GE\u00c7ERL\u0130D\u0130R?<\/strong><\/p>\n\n\n\n<p>S\u00f6z konusu belgeler, Ulusal Yeterliliklerde yer alan s\u00fcreler dahilinde ge\u00e7erli olup, belge ge\u00e7erlili\u011fi g\u00f6zetim s\u00fcreci boyunca devam eder.<\/p>\n\n\n\n<p><strong>BELGEN\u0130N G\u00d6ZET\u0130M\u0130<\/strong><\/p>\n\n\n\n<p>Mesleki yeterlilik belgesi sahibi ki\u015filerin sahip oldu\u011fu yetkinliklerin de\u011ferlendirilmesi i\u00e7in belirli periyotlarda g\u00f6zetim yap\u0131l\u0131r.<br>\nBelgenin verili\u015f tarihi baz al\u0131narak Ulusal Yeterlilklerde yer alan s\u00fcrelerde G\u00f6zetim Formu\u2019nun ki\u015finin \u00e7al\u0131\u015ft\u0131\u011f\u0131 firma taraf\u0131ndan doldurulmas\u0131 istenir. G\u00f6zetim yap\u0131labilmesi i\u00e7in, belge sahibinin ilgili alanda en az 6 ay \u00e7al\u0131\u015fm\u0131\u015f olmas\u0131 gerekmektedir.<br>\nG\u00f6zetim yap\u0131lmad\u0131\u011f\u0131 taktirde, belge ask\u0131ya al\u0131nacakt\u0131r.<\/p>\n\n\n\n<p><strong>BELGEN\u0130N ASKIYA ALINMASI VE \u0130PTAL ED\u0130LMES\u0130<\/strong><\/p>\n\n\n\n<p>G\u00f6zetim tarihini ge\u00e7iren (belge verili\u015f tarihinden itibaren 3. Y\u0131l sonuna kadar) ki\u015filerin belgeleri 6 ay ask\u0131ya al\u0131n\u0131r. G\u00f6zetim s\u00fcrecini tamamlad\u0131ktan sonra, belgenin ask\u0131 durumu kalkar.<br>\nG\u00f6zetim s\u00fcreci 1 ay i\u00e7inde tamamlanmazsa, belge iptal edilir.<br>\nBelgelendirme ve g\u00f6zetim s\u00fcre\u00e7lerinde yan\u0131lt\u0131c\u0131 ve do\u011fru olmayan bilgileri kasti \u015fekilde beyan etti\u011fi anla\u015f\u0131lan ve\/veya sahte evrak d\u00fczenlendi\u011fi tespit edilen belgeler iptal edilir.<\/p>\n\n\n\n<p><strong>YEN\u0130DEN BELGELEND\u0130RME<\/strong><\/p>\n\n\n\n<p>\u015eartnamede belirtilen y\u00f6nteme g\u00f6re yap\u0131l\u0131r. \u0130lgili ulusal yeterliliklerde yeniden belgelendirmeye ili\u015fkin tan\u0131mlar yap\u0131lm\u0131\u015ft\u0131r.<\/p>\n","protected":false},"excerpt":{"rendered":"<p>Adaylar\u0131n talep ettikleri ulusal yeterlilik kapsam\u0131nda belgenin verilebilmesi i\u00e7in; Ba\u015fvurunun al\u0131nmas\u0131 ve de\u011ferlendirilmesi prosed\u00fcr\u00fcndeki \u015fartlar\u0131 Ba\u015fvurduklar\u0131 alan ile ilgili yeterliliklere ait s\u0131nav \u015fartnamelerindeki \u015fartlar\u0131 Prosed\u00fcrdeki ilave \u015fartlar\u0131 sa\u011flam\u0131\u015f olmas\u0131 gerekmektedir. Belgelendirme S\u00fcreci Nas\u0131l \u0130\u015fler?\u00a0 Adaylar\u0131n mesleki yeterlilik belgesi alabilmesi i\u00e7in zorunlu olan yeterlilik birimlerinin teorik, performans ve\/veya m\u00fclakat s\u0131navlar\u0131n\u0131n tamam\u0131ndan ba\u015far\u0131l\u0131 olmas\u0131 gerekmektedir. Ba\u015far\u0131l\u0131 olma [&hellip;]<\/p>\n","protected":false},"author":1,"featured_media":0,"parent":0,"menu_order":0,"comment_status":"closed","ping_status":"closed","template":"","meta":{"footnotes":""},"_links":{"self":[{"href":"http:\/\/teskesyem.org.tr\/index.php?rest_route=\/wp\/v2\/pages\/161"}],"collection":[{"href":"http:\/\/teskesyem.org.tr\/index.php?rest_route=\/wp\/v2\/pages"}],"about":[{"href":"http:\/\/teskesyem.org.tr\/index.php?rest_route=\/wp\/v2\/types\/page"}],"author":[{"embeddable":true,"href":"http:\/\/teskesyem.org.tr\/index.php?rest_route=\/wp\/v2\/users\/1"}],"replies":[{"embeddable":true,"href":"http:\/\/teskesyem.org.tr\/index.php?rest_route=%2Fwp%2Fv2%2Fcomments&post=161"}],"version-history":[{"count":9,"href":"http:\/\/teskesyem.org.tr\/index.php?rest_route=\/wp\/v2\/pages\/161\/revisions"}],"predecessor-version":[{"id":1165,"href":"http:\/\/teskesyem.org.tr\/index.php?rest_route=\/wp\/v2\/pages\/161\/revisions\/1165"}],"wp:attachment":[{"href":"http:\/\/teskesyem.org.tr\/index.php?rest_route=%2Fwp%2Fv2%2Fmedia&parent=161"}],"curies":[{"name":"wp","href":"https:\/\/api.w.org\/{rel}","templated":true}]}}