{"id":178,"date":"2018-06-13T12:15:16","date_gmt":"2018-06-13T12:15:16","guid":{"rendered":"http:\/\/teskesyem.org.tr\/?page_id=178"},"modified":"2018-06-13T12:15:16","modified_gmt":"2018-06-13T12:15:16","slug":"ulusal-yeterlilik-sistemi-2","status":"publish","type":"page","link":"http:\/\/teskesyem.org.tr\/?page_id=178","title":{"rendered":"Ulusal Yeterlilik Sistemi"},"content":{"rendered":"<p><strong>Ulusal Mesleki Yeterlilik Sistemi nedir?<\/strong><\/p>\n<p>Ulusal Mesleki Yeterlilik Sistemi; ulusal meslek standartlar\u0131n\u0131n olu\u015fturuldu\u011fu, mesleki ve teknik e\u011fitim ve \u00f6\u011fretim programlar\u0131n\u0131n bu standartlara g\u00f6re haz\u0131rland\u0131\u011f\u0131, i\u015fg\u00fcc\u00fcn\u00fcn mesleki yeterlili\u011finin akredite olmu\u015f ve MYK taraf\u0131ndan yetkilendirilmi\u015f kurulu\u015flarca \u00f6l\u00e7me ve de\u011ferlendirme merkezlerinde yap\u0131lan teorik ve uygulamal\u0131 s\u0131navlar sonucunda belgelendirildi\u011fi, al\u0131nan belgelerin ulusal ve uluslararas\u0131 d\u00fczeyde k\u0131yaslanabilirli\u011finin sa\u011fland\u0131\u011f\u0131, hayat boyu \u00f6\u011frenmenin desteklendi\u011fi, formel (\u00f6rg\u00fcn) e\u011fitim almadan mesle\u011fi \u00f6\u011frenen ki\u015filere bilgi ve becerilerini belgelendirme imkan\u0131n\u0131n verildi\u011fi ve i\u015f d\u00fcnyas\u0131 temsilcilerinin s\u00fcrece ili\u015fkin t\u00fcm kararlara aktif olarak kat\u0131ld\u0131\u011f\u0131, kalite g\u00fcvencesinin sa\u011fland\u0131\u011f\u0131, adil, \u015feffaf ve g\u00fcvenilir bir sistemdir.<\/p>\n<p><img decoding=\"async\" src=\"http:\/\/images.slideplayer.biz.tr\/12\/3645693\/slides\/slide_6.jpg\" alt=\"\u0130lgili resim\" \/><\/p>\n","protected":false},"excerpt":{"rendered":"<p>Ulusal Mesleki Yeterlilik Sistemi nedir? Ulusal Mesleki Yeterlilik Sistemi; ulusal meslek standartlar\u0131n\u0131n olu\u015fturuldu\u011fu, mesleki ve teknik e\u011fitim ve \u00f6\u011fretim programlar\u0131n\u0131n bu standartlara g\u00f6re haz\u0131rland\u0131\u011f\u0131, i\u015fg\u00fcc\u00fcn\u00fcn mesleki yeterlili\u011finin akredite olmu\u015f ve MYK taraf\u0131ndan yetkilendirilmi\u015f kurulu\u015flarca \u00f6l\u00e7me ve de\u011ferlendirme merkezlerinde yap\u0131lan teorik ve uygulamal\u0131 s\u0131navlar sonucunda belgelendirildi\u011fi, al\u0131nan belgelerin ulusal ve uluslararas\u0131 d\u00fczeyde k\u0131yaslanabilirli\u011finin sa\u011fland\u0131\u011f\u0131, hayat boyu [&hellip;]<\/p>\n","protected":false},"author":1,"featured_media":0,"parent":0,"menu_order":0,"comment_status":"closed","ping_status":"closed","template":"","meta":{"footnotes":""},"_links":{"self":[{"href":"http:\/\/teskesyem.org.tr\/index.php?rest_route=\/wp\/v2\/pages\/178"}],"collection":[{"href":"http:\/\/teskesyem.org.tr\/index.php?rest_route=\/wp\/v2\/pages"}],"about":[{"href":"http:\/\/teskesyem.org.tr\/index.php?rest_route=\/wp\/v2\/types\/page"}],"author":[{"embeddable":true,"href":"http:\/\/teskesyem.org.tr\/index.php?rest_route=\/wp\/v2\/users\/1"}],"replies":[{"embeddable":true,"href":"http:\/\/teskesyem.org.tr\/index.php?rest_route=%2Fwp%2Fv2%2Fcomments&post=178"}],"version-history":[{"count":1,"href":"http:\/\/teskesyem.org.tr\/index.php?rest_route=\/wp\/v2\/pages\/178\/revisions"}],"predecessor-version":[{"id":179,"href":"http:\/\/teskesyem.org.tr\/index.php?rest_route=\/wp\/v2\/pages\/178\/revisions\/179"}],"wp:attachment":[{"href":"http:\/\/teskesyem.org.tr\/index.php?rest_route=%2Fwp%2Fv2%2Fmedia&parent=178"}],"curies":[{"name":"wp","href":"https:\/\/api.w.org\/{rel}","templated":true}]}}