{"id":184,"date":"2018-06-13T12:17:09","date_gmt":"2018-06-13T12:17:09","guid":{"rendered":"http:\/\/teskesyem.org.tr\/?page_id=184"},"modified":"2018-06-13T12:18:03","modified_gmt":"2018-06-13T12:18:03","slug":"myk","status":"publish","type":"page","link":"http:\/\/teskesyem.org.tr\/?page_id=184","title":{"rendered":"MYK"},"content":{"rendered":"<table>\n<tbody>\n<tr>\n<td>MYK TAR\u0130H\u00c7E<\/td>\n<\/tr>\n<\/tbody>\n<\/table>\n<table>\n<tbody>\n<tr>\n<td><strong>Mesleki Yeterlilik Kurumunun (MYK)<\/strong>\u00a0kurulmas\u0131yla sonu\u00e7lanan uzun ve me\u015fakkatli s\u00fcre\u00e7, T\u00fcrkiye \u0130\u015f Kurumunun (\u0130\u015eKUR) koordinasyonunda, D\u00fcnya Bankas\u0131n\u0131n fon deste\u011fiyle 1992-2000 y\u0131llar\u0131 aras\u0131nda uygulanan \u0130stihdam ve E\u011fitim Projesiyle (E\u0130P) ba\u015flat\u0131lm\u0131\u015ft\u0131r. E\u0130P&#8217;nin &#8220;Meslek Standartlar\u0131 S\u0131nav ve Belgelendirme&#8221; bile\u015feni kapsam\u0131nda, 1992 y\u0131l\u0131nda \u00fc\u00e7l\u00fc kat\u0131l\u0131mla Meslek Standartlar\u0131 Milli Protokol\u00fc imzalanarak; devlet, i\u015f\u00e7i ve i\u015fveren taraflar\u0131n\u0131n yer ald\u0131\u011f\u0131 Meslek Standartlar\u0131 Komisyonu (MSK) kurulmu\u015ftur. MSK&#8217;n\u0131n g\u00f6zetiminde Ara\u015ft\u0131rma Teknik Hizmetler Birimi (ATHB)&#8217;nin 1995-2000 d\u00f6neminde yapt\u0131\u011f\u0131 \u00e7al\u0131\u015fmalar neticesinde e\u011fitim ve i\u015f d\u00fcnyas\u0131 &#8220;meslek standard\u0131&#8221; kavram\u0131 ile tan\u0131\u015ft\u0131r\u0131lm\u0131\u015f, meslek standard\u0131 taslaklar\u0131 ve soru bankas\u0131 olu\u015fturulmu\u015f, 2000 y\u0131l\u0131nda E\u0130P tamamland\u0131\u011f\u0131nda taraflar\u0131n \u00fczerinde mutab\u0131k olduklar\u0131 Ulusal Meslek Standartlar\u0131 Kurumu (UMSK) Kanun tasla\u011f\u0131 haz\u0131rlanm\u0131\u015ft\u0131r.<\/p>\n<p>\u00dczerinde uzun tart\u0131\u015fmalar yap\u0131larak son \u015fekli verilen UMSK tasla\u011f\u0131 2004 y\u0131l\u0131nda \u00c7<strong>al\u0131\u015fma ve Sosyal G\u00fcvenlik Bakanl\u0131\u011f\u0131 (\u00c7SGB)<\/strong>\u00a0taraf\u0131ndan Ba\u015fbakanl\u0131\u011fa sunulmu\u015f ise de; kanun tasar\u0131s\u0131na d\u00f6n\u00fc\u015ft\u00fcr\u00fclmesi m\u00fcmk\u00fcn olamam\u0131\u015ft\u0131r.<\/p>\n<p>Milli E\u011fitim Bakanl\u0131\u011f\u0131n\u0131n koordinasyonunda 2002-2007 y\u0131llar\u0131nda uygulanan Mesleki E\u011fitim ve \u00d6\u011fretim Sisteminin G\u00fc\u00e7lendirilmesi Projesi (MEGEP) \u00e7er\u00e7evesinde UMSK tasla\u011f\u0131 yeniden g\u00fcndeme getirilmi\u015f ve taslak g\u00fcncellenmi\u015ftir. \u00c7al\u0131\u015fma ve Sosyal G\u00fcvenlik Bakanl\u0131\u011f\u0131n\u0131n koordinasyonunda ve sekretaryas\u0131 \u0130\u015eKUR taraf\u0131ndan y\u00fcr\u00fct\u00fclen \u00e7al\u0131\u015fmalar kapsam\u0131nda, s\u00f6z konusu kanun tasla\u011f\u0131 2005 y\u0131l\u0131nda Bakanlar Kuruluna arz edilmi\u015ftir. Bu sunum sonras\u0131nda ba\u015fta Say\u0131n Ba\u015fbakan\u0131m\u0131z olmak \u00fczere MYK&#8217;n\u0131n kurulmas\u0131 gerekti\u011fi hususunda Bakanlar Kurulu ittifak etmi\u015flerdir.<\/p>\n<p>Mesleki Yeterlilik Kurumu Kanun tasar\u0131s\u0131, 2006 y\u0131l\u0131nda T\u00fcrkiye B\u00fcy\u00fck Millet Meclisine sevk edilmi\u015f ve Komisyonlarda g\u00f6r\u00fc\u015f\u00fcld\u00fckten sonra 21 Eyl\u00fcl 2006 tarihinde\u00a0<strong>5544<\/strong>\u00a0say\u0131l\u0131 Mesleki Yeterlilik Kurumu (MYK) Kanunu olarak oy birli\u011fi ile kabul edilmi\u015ftir.<\/p>\n<p>Mesleki Yeterlilik Kurumu Kanunundaki ge\u00e7ici madde gere\u011fi \u00c7SGB&#8217;nin koordinasyonunda olu\u015fturulan \u00c7al\u0131\u015fma Grubu MYK ilk Genel Kurulunun yap\u0131lmas\u0131 i\u00e7in gerekli \u00e7al\u0131\u015fmalar\u0131 yapm\u0131\u015ft\u0131r. 8 Aral\u0131k 2006 tarihinde ger\u00e7ekle\u015ftirilen MYK ilk Genel Kurulunda MYK Y\u00f6netim Kurulu \u00fcyeleri se\u00e7ilmi\u015f, 26 Aral\u0131k 2006 tarihinde Kurulun kendi \u00fcyeleri aras\u0131ndan Y\u00f6netim Kurulu Ba\u015fkan\u0131n\u0131 ve Ba\u015fkan Vekilini se\u00e7mesiyle MYK hukuken faaliyete ba\u015flam\u0131\u015ft\u0131r.<\/p>\n<p>Kurum faaliyete ge\u00e7tikten sonra uygulamada kar\u015f\u0131la\u015f\u0131lan sorunlar\u0131n giderilmesi, Avrupa Birli\u011finde ve \u00fclkemiz genelinde e\u011fitim ve istihdama ili\u015fkin ger\u00e7ekle\u015fmeler, Avrupa Yeterlilikler \u00c7er\u00e7evesi, Ulusal \u0130stihdam Stratejisi, Hayat Boyu \u00d6\u011frenme Stratejisi, \u0130stihdam ve Mesleki E\u011fitim \u0130li\u015fkisinin G\u00fc\u00e7lendirilmesi Eylem Plan\u0131 gibi oda\u011f\u0131nda e\u011fitim ve istihdam ili\u015fkisinin yer ald\u0131\u011f\u0131 MYK&#8217;ya ilave g\u00f6rev ve sorumluluklar getiren d\u00fczenlemeler nedeniyle MYK Kanununda de\u011fi\u015fikler yap\u0131lmas\u0131 icap etmi\u015ftir. Bu do\u011frultuda yap\u0131lan \u00e7al\u0131\u015fmalar, \u00c7al\u0131\u015fma ve Sosyal G\u00fcvenlik Bakanl\u0131\u011f\u0131n\u0131n Te\u015fkilat ve G\u00f6revleri Hakk\u0131nda Kanun \u0130le Baz\u0131 Kanun ve Kanun H\u00fckm\u00fcnde Kararnamelerde De\u011fi\u015fiklik Yap\u0131lmas\u0131na Dair 11.10.2011 tarih ve 665 Say\u0131l\u0131 Kanun H\u00fckm\u00fcnde Kararnamede kar\u015f\u0131l\u0131\u011f\u0131n\u0131 bularak ve 5544 say\u0131l\u0131 Mesleki Yeterlilik Kurumu Kanununda \u00f6nemli de\u011fi\u015fiklikler yap\u0131lm\u0131\u015ft\u0131r.<\/p>\n<p>MYK, 4\/4\/2015 tarihli ve 6645 say\u0131l\u0131 \u0130\u015f Sa\u011fl\u0131\u011f\u0131 ve G\u00fcvenli\u011fi Kanunu ile Baz\u0131 Kanun ve Kanun H\u00fckm\u00fcnde Kararnamelerde De\u011fi\u015fiklik Yap\u0131lmas\u0131na Dair Kanun ile \u00e7al\u0131\u015fma hayat\u0131nda \u00e7ok \u00f6nemli g\u00f6revleri de \u00fcstlenmi\u015ftir. Bu kapsamda, \u00fclkemizde tehlikeli ve \u00e7ok tehlikeli mesleklerde \u00e7al\u0131\u015fanlar\u0131n MYK Mesleki Yeterlilik Belgesine sahip olmas\u0131 zorunlu hale getirilmi\u015f, \u00e7al\u0131\u015fanlar\u0131m\u0131z\u0131n MYK s\u0131nav ve belgelendirme masraflar\u0131n\u0131n i\u015fsizlik sigortas\u0131 fonundan kar\u015f\u0131lanmas\u0131na y\u00f6nelik d\u00fczenlemeler yap\u0131lm\u0131\u015f ve \u00fclkemizde verilecek t\u00fcm mesleki ve teknik e\u011fitimin MYK taraf\u0131ndan yay\u0131mlanan ulusal meslek standartlar\u0131na g\u00f6re verilmesi yasal zorunluluk haline getirilmi\u015ftir. Bu d\u00fczenlemeler MYK\u2019 y\u0131 g\u00f6rev ve sorumluluklar\u0131 itibar\u0131yla T\u00fcrkiye\u2019nin Yeterlilikler Kurumuna d\u00f6n\u00fc\u015ft\u00fcrm\u00fc\u015ft\u00fcr.<\/p>\n<p>Kaynak MYK<\/td>\n<\/tr>\n<\/tbody>\n<\/table>\n","protected":false},"excerpt":{"rendered":"<p>MYK TAR\u0130H\u00c7E Mesleki Yeterlilik Kurumunun (MYK)\u00a0kurulmas\u0131yla sonu\u00e7lanan uzun ve me\u015fakkatli s\u00fcre\u00e7, T\u00fcrkiye \u0130\u015f Kurumunun (\u0130\u015eKUR) koordinasyonunda, D\u00fcnya Bankas\u0131n\u0131n fon deste\u011fiyle 1992-2000 y\u0131llar\u0131 aras\u0131nda uygulanan \u0130stihdam ve E\u011fitim Projesiyle (E\u0130P) ba\u015flat\u0131lm\u0131\u015ft\u0131r. E\u0130P&#8217;nin &#8220;Meslek Standartlar\u0131 S\u0131nav ve Belgelendirme&#8221; bile\u015feni kapsam\u0131nda, 1992 y\u0131l\u0131nda \u00fc\u00e7l\u00fc kat\u0131l\u0131mla Meslek Standartlar\u0131 Milli Protokol\u00fc imzalanarak; devlet, i\u015f\u00e7i ve i\u015fveren taraflar\u0131n\u0131n yer ald\u0131\u011f\u0131 Meslek [&hellip;]<\/p>\n","protected":false},"author":1,"featured_media":0,"parent":0,"menu_order":0,"comment_status":"closed","ping_status":"closed","template":"","meta":{"footnotes":""},"_links":{"self":[{"href":"http:\/\/teskesyem.org.tr\/index.php?rest_route=\/wp\/v2\/pages\/184"}],"collection":[{"href":"http:\/\/teskesyem.org.tr\/index.php?rest_route=\/wp\/v2\/pages"}],"about":[{"href":"http:\/\/teskesyem.org.tr\/index.php?rest_route=\/wp\/v2\/types\/page"}],"author":[{"embeddable":true,"href":"http:\/\/teskesyem.org.tr\/index.php?rest_route=\/wp\/v2\/users\/1"}],"replies":[{"embeddable":true,"href":"http:\/\/teskesyem.org.tr\/index.php?rest_route=%2Fwp%2Fv2%2Fcomments&post=184"}],"version-history":[{"count":1,"href":"http:\/\/teskesyem.org.tr\/index.php?rest_route=\/wp\/v2\/pages\/184\/revisions"}],"predecessor-version":[{"id":185,"href":"http:\/\/teskesyem.org.tr\/index.php?rest_route=\/wp\/v2\/pages\/184\/revisions\/185"}],"wp:attachment":[{"href":"http:\/\/teskesyem.org.tr\/index.php?rest_route=%2Fwp%2Fv2%2Fmedia&parent=184"}],"curies":[{"name":"wp","href":"https:\/\/api.w.org\/{rel}","templated":true}]}}