{"id":258,"date":"2018-06-13T15:40:19","date_gmt":"2018-06-13T15:40:19","guid":{"rendered":"http:\/\/teskesyem.org.tr\/?page_id=258"},"modified":"2018-12-20T14:13:06","modified_gmt":"2018-12-20T14:13:06","slug":"genel-baskanin-mesaji","status":"publish","type":"page","link":"http:\/\/teskesyem.org.tr\/?page_id=258","title":{"rendered":"Genel Ba\u015fkan\u0131n Mesaj\u0131"},"content":{"rendered":"<p>Genel Ba\u015fkandan Mesaj,<\/p>\n<p>Bilindi\u011fi \u00fczere Konfederasyonumuz Mesleki Yeterlilik Kurumunun kurulu\u015fundan bu yana mesleki yeterlilik sisteminin her alan\u0131nda aktif olarak g\u00f6rev almaktad\u0131r. Bu kapsamda ulusal yeterlilik sisteminde daha aktif rol alabilmek amac\u0131yla y\u00fcr\u00fctt\u00fc\u011f\u00fcm\u00fcz Esnaf ve sanatkarlar yeterlilik merkezi\u00a0 (ESYEM) ad\u0131n\u0131 ta\u015f\u0131yan projemizin temel faaliyeti olan mesleki yeterlilik belgelendirme merkezinin kurulu\u015fu tamamlanm\u0131\u015f bulunmaktad\u0131r. Mesleki yeterlili\u011fe dayal\u0131 s\u0131nav ve belgelendirme yapmay\u0131 ama\u00e7layan TESK ESYEM\u2019in faaliyetleri; birliklerimiz, federasyonlar\u0131m\u0131z ve odalar\u0131m\u0131zla yap\u0131lacak i\u015fbirli\u011fi ile s\u00fcrd\u00fcr\u00fclecektir.<\/p>\n<p>ESYEM Projesi ile, toplumsal ve ki\u015fisel hizmetler sekt\u00f6r\u00fcnde kalite standartlar\u0131na dayal\u0131 bir belgelendirme sisteminin kurulmas\u0131 sayesinde bu alanda esnaf ve sanatkar te\u015fkilat\u0131nda ya\u015fanan e\u011fitim ve belgelendirme sorununun b\u00fcy\u00fck \u00f6l\u00e7\u00fcde ortadan kalkmas\u0131 beklenmektedir.<\/p>\n<p>\u00d6zellikle kad\u0131n i\u015fg\u00fcc\u00fcn\u00fcn yo\u011fun olarak \u00e7al\u0131\u015ft\u0131\u011f\u0131 toplumsal ve ki\u015fisel hizmetler sekt\u00f6r\u00fc, yani dilimize yerle\u015fti\u011fi \u015fekliyle g\u00fczellik sekt\u00f6r\u00fcnde belgesiz \u00e7al\u0131\u015fman\u0131n yayg\u0131n oldu\u011fu sekt\u00f6r temsilcileri taraf\u0131ndan dile getirilmektedir. Kad\u0131n i\u015fg\u00fcc\u00fcn\u00fcn kay\u0131tl\u0131 bir \u015fekilde i\u015f piyasas\u0131na kat\u0131l\u0131m\u0131nda \u00f6nemli bir engel te\u015fkil eden belgesizli\u011fin \u00f6n\u00fcne ge\u00e7ebilmek ve kad\u0131nlar\u0131m\u0131z\u0131n i\u015fg\u00fcc\u00fc piyasas\u0131na kat\u0131l\u0131m\u0131n\u0131 h\u0131zland\u0131rmak ad\u0131na ESYEM\u2019i \u00f6nemli bir f\u0131rsat olarak de\u011ferlendiriyoruz.<\/p>\n<p style=\"text-align: right;\">\u00a0 Bendevi PALAND\u00d6KEN<\/p>\n<p style=\"text-align: right;\">Genel Ba\u015fkan<\/p>\n","protected":false},"excerpt":{"rendered":"<p>Genel Ba\u015fkandan Mesaj, Bilindi\u011fi \u00fczere Konfederasyonumuz Mesleki Yeterlilik Kurumunun kurulu\u015fundan bu yana mesleki yeterlilik sisteminin her alan\u0131nda aktif olarak g\u00f6rev almaktad\u0131r. Bu kapsamda ulusal yeterlilik sisteminde daha aktif rol alabilmek amac\u0131yla y\u00fcr\u00fctt\u00fc\u011f\u00fcm\u00fcz Esnaf ve sanatkarlar yeterlilik merkezi\u00a0 (ESYEM) ad\u0131n\u0131 ta\u015f\u0131yan projemizin temel faaliyeti olan mesleki yeterlilik belgelendirme merkezinin kurulu\u015fu tamamlanm\u0131\u015f bulunmaktad\u0131r. Mesleki yeterlili\u011fe dayal\u0131 s\u0131nav [&hellip;]<\/p>\n","protected":false},"author":1,"featured_media":0,"parent":0,"menu_order":0,"comment_status":"closed","ping_status":"closed","template":"","meta":{"footnotes":""},"_links":{"self":[{"href":"http:\/\/teskesyem.org.tr\/index.php?rest_route=\/wp\/v2\/pages\/258"}],"collection":[{"href":"http:\/\/teskesyem.org.tr\/index.php?rest_route=\/wp\/v2\/pages"}],"about":[{"href":"http:\/\/teskesyem.org.tr\/index.php?rest_route=\/wp\/v2\/types\/page"}],"author":[{"embeddable":true,"href":"http:\/\/teskesyem.org.tr\/index.php?rest_route=\/wp\/v2\/users\/1"}],"replies":[{"embeddable":true,"href":"http:\/\/teskesyem.org.tr\/index.php?rest_route=%2Fwp%2Fv2%2Fcomments&post=258"}],"version-history":[{"count":6,"href":"http:\/\/teskesyem.org.tr\/index.php?rest_route=\/wp\/v2\/pages\/258\/revisions"}],"predecessor-version":[{"id":778,"href":"http:\/\/teskesyem.org.tr\/index.php?rest_route=\/wp\/v2\/pages\/258\/revisions\/778"}],"wp:attachment":[{"href":"http:\/\/teskesyem.org.tr\/index.php?rest_route=%2Fwp%2Fv2%2Fmedia&parent=258"}],"curies":[{"name":"wp","href":"https:\/\/api.w.org\/{rel}","templated":true}]}}